{"id":12,"date":"2023-07-25T11:46:44","date_gmt":"2023-07-25T11:46:44","guid":{"rendered":"https:\/\/boattripsmallorca.es\/?page_id=12"},"modified":"2024-01-12T14:26:45","modified_gmt":"2024-01-12T14:26:45","slug":"boat-trips-in-mallorca","status":"publish","type":"page","link":"https:\/\/boattripsmallorca.es\/es\/","title":{"rendered":"Boat Trips in Mallorca"},"content":{"rendered":"<p>[et_pb_section fb_built=\u00bb1&#8243; prev_background_color=\u00bb#ffffff\u00bb next_background_color=\u00bb#066272&#8243; admin_label=\u00bbHeader\u00bb _builder_version=\u00bb4.21.0&#8243; _module_preset=\u00bbdefault\u00bb background_color=\u00bbRGBA(255,255,255,0)\u00bb background_enable_image=\u00bboff\u00bb background_position=\u00bbbottom_center\u00bb custom_padding=\u00bb29px||29px||true|false\u00bb top_divider_style=\u00bbnone\u00bb top_divider_height=\u00bb59px\u00bb bottom_divider_style=\u00bbnone\u00bb bottom_divider_height=\u00bb72px\u00bb bottom_divider_flip=\u00bbvertical\u00bb locked=\u00bboff\u00bb collapsed=\u00bboff\u00bb global_colors_info=\u00bb{}\u00bb][et_pb_row _builder_version=\u00bb4.21.0&#8243; _module_preset=\u00bbdefault\u00bb width=\u00bb100%\u00bb max_width=\u00bb100%\u00bb custom_padding=\u00bb8px||23px|||\u00bb global_colors_info=\u00bb{}\u00bb][et_pb_column type=\u00bb4_4&#8243; _builder_version=\u00bb4.18.0&#8243; _module_preset=\u00bbdefault\u00bb global_colors_info=\u00bb{}\u00bb][et_pb_text _builder_version=\u00bb4.21.0&#8243; _module_preset=\u00bbc16985e1-e0d6-4022-964d-e2bfc04fa633&#8243; header_font=\u00bbCinzel||||||||\u00bb header_text_color=\u00bb#066272&#8243; header_font_size=\u00bb53px\u00bb header_2_text_align=\u00bbcenter\u00bb header_2_text_color=\u00bb#16C5CE\u00bb header_2_font_size=\u00bb30px\u00bb text_orientation=\u00bbcenter\u00bb background_layout=\u00bbdark\u00bb header_font_size_tablet=\u00bb40px\u00bb header_font_size_phone=\u00bb24px\u00bb header_font_size_last_edited=\u00bbon|desktop\u00bb header_2_font_size_tablet=\u00bb30px\u00bb header_2_font_size_phone=\u00bb30px\u00bb header_2_font_size_last_edited=\u00bbon|desktop\u00bb global_colors_info=\u00bb{}\u00bb]<\/p>\n<h1>Excursiones en barco<\/h1>\n<h2>Porto Cristo &#8211; Mallorca<\/h2>\n<p>[\/et_pb_text][\/et_pb_column][\/et_pb_row][\/et_pb_section][et_pb_section fb_built=\u00bb1&#8243; _builder_version=\u00bb4.22.0&#8243; _module_preset=\u00bbdefault\u00bb background_color=\u00bb#066272&#8243; custom_padding=\u00bb8px||0px|||\u00bb sticky_position=\u00bbtop\u00bb global_colors_info=\u00bb{}\u00bb][et_pb_row use_custom_gutter=\u00bbon\u00bb gutter_width=\u00bb2&#8243; make_equal=\u00bbon\u00bb custom_padding_last_edited=\u00bbon|phone\u00bb _builder_version=\u00bb4.21.0&#8243; _module_preset=\u00bbdefault\u00bb background_enable_color=\u00bboff\u00bb width=\u00bb32%\u00bb width_tablet=\u00bb83%\u00bb width_phone=\u00bb100%\u00bb width_last_edited=\u00bbon|phone\u00bb max_width=\u00bb100%\u00bb module_alignment=\u00bbcenter\u00bb custom_margin=\u00bb|||0px|false|false\u00bb custom_padding=\u00bb10px||10px||true|false\u00bb custom_padding_tablet=\u00bb10px||10px||true|false\u00bb custom_padding_phone=\u00bb10px||10px||true|false\u00bb module_alignment_last_edited=\u00bboff|desktop\u00bb global_colors_info=\u00bb{}\u00bb][et_pb_column type=\u00bb4_4&#8243; _builder_version=\u00bb4.21.0&#8243; _module_preset=\u00bbdefault\u00bb global_colors_info=\u00bb{}\u00bb][et_pb_blurb title=\u00bb+34 681 963 234&#8243; url=\u00bbhttps:\/\/wa.me\/34681963234&#8243; use_icon=\u00bbon\u00bb font_icon=\u00bb&#xf232;||fa||400&#8243; icon_color=\u00bb#5aea17&#8243; icon_placement=\u00bbleft\u00bb image_icon_width=\u00bb56px\u00bb content_max_width=\u00bb400px\u00bb content_max_width_tablet=\u00bb400px\u00bb content_max_width_phone=\u00bb400px\u00bb content_max_width_last_edited=\u00bbon|phone\u00bb _builder_version=\u00bb4.21.0&#8243; _module_preset=\u00bbdefault\u00bb header_text_color=\u00bb#FFFFFF\u00bb header_font_size=\u00bb35px\u00bb header_line_height=\u00bb1.6em\u00bb module_alignment=\u00bbcenter\u00bb custom_margin=\u00bb|||0px|false|false\u00bb custom_margin_tablet=\u00bb|||0px|false|false\u00bb custom_margin_phone=\u00bb|||0px|false|false\u00bb custom_margin_last_edited=\u00bbon|phone\u00bb custom_padding=\u00bb|||10px|false|false\u00bb link_option_url=\u00bbhttps:\/\/wa.me\/34681963234&#8243; header_text_align_tablet=\u00bb\u00bb header_text_align_phone=\u00bbleft\u00bb header_text_align_last_edited=\u00bbon|phone\u00bb header_font_size_tablet=\u00bb35px\u00bb header_font_size_phone=\u00bb35px\u00bb header_font_size_last_edited=\u00bbon|desktop\u00bb header_line_height_tablet=\u00bb1.6em\u00bb header_line_height_phone=\u00bb1.6em\u00bb header_line_height_last_edited=\u00bbon|desktop\u00bb module_alignment_phone=\u00bbcenter\u00bb module_alignment_last_edited=\u00bboff|tablet\u00bb global_colors_info=\u00bb{}\u00bb][\/et_pb_blurb][\/et_pb_column][\/et_pb_row][\/et_pb_section][et_pb_section fb_built=\u00bb1&#8243; custom_padding_last_edited=\u00bbon|phone\u00bb admin_label=\u00bbFeature\u00bb _builder_version=\u00bb4.21.0&#8243; _module_preset=\u00bbdefault\u00bb background_image=\u00bbhttps:\/\/boattripsmallorca.es\/wp-content\/uploads\/IMG_20200809_125540-1024&#215;768-2-1.jpg\u00bb background_position=\u00bbbottom_left\u00bb custom_margin=\u00bb-8px||||false|false\u00bb custom_margin_last_edited=\u00bboff|phone\u00bb custom_padding=\u00bb269px||269px||true|false\u00bb custom_padding_tablet=\u00bb150px||150px||true|false\u00bb custom_padding_phone=\u00bb60px||60px||true|false\u00bb background_last_edited=\u00bbon|phone\u00bb use_background_color_gradient_tablet=\u00bbon\u00bb use_background_color_gradient_phone=\u00bboff\u00bb background_color_gradient_stops_tablet=\u00bb#ffffff 10%|rgba(255,255,255,0.7) 100%\u00bb background_image_phone=\u00bbhttps:\/\/boattripsmallorca.es\/wp-content\/uploads\/IMG_20200809_125540-1024&#215;768-2-1.jpg\u00bb background_enable_image_phone=\u00bbon\u00bb background_position_phone=\u00bbbottom_center\u00bb locked=\u00bboff\u00bb collapsed=\u00bbon\u00bb global_colors_info=\u00bb{}\u00bb][et_pb_row _builder_version=\u00bb4.18.0&#8243; _module_preset=\u00bbdefault\u00bb locked=\u00bboff\u00bb global_colors_info=\u00bb{}\u00bb][et_pb_column type=\u00bb4_4&#8243; _builder_version=\u00bb4.18.0&#8243; _module_preset=\u00bbdefault\u00bb global_colors_info=\u00bb{}\u00bb][et_pb_text _builder_version=\u00bb4.21.0&#8243; _module_preset=\u00bbb327cbe4-b1d5-4b66-ad37-40c8f2f061ba\u00bb header_2_font=\u00bbCinzel||||||||\u00bb header_2_text_color=\u00bb#FFFFFF\u00bb header_2_font_size=\u00bb52px\u00bb header_2_line_height=\u00bb1.2em\u00bb text_orientation=\u00bbcenter\u00bb custom_margin=\u00bb||10px||false|false\u00bb custom_padding=\u00bb2px|||||\u00bb custom_padding_tablet=\u00bb120px||||false|false\u00bb custom_padding_phone=\u00bb100px||||false|false\u00bb custom_padding_last_edited=\u00bboff|desktop\u00bb header_2_font_size_tablet=\u00bb32px\u00bb header_2_font_size_phone=\u00bb25px\u00bb header_2_font_size_last_edited=\u00bbon|desktop\u00bb header_2_text_shadow_style=\u00bbpreset1&#8243; global_colors_info=\u00bb{}\u00bb]<\/p>\n<h2>\u00a1Descubre Mallorca desde un barco privado en una aventura \u00fanica!<\/h2>\n<p>[\/et_pb_text][\/et_pb_column][\/et_pb_row][\/et_pb_section][et_pb_section fb_built=\u00bb1&#8243; admin_label=\u00bbServices\u00bb module_id=\u00bbpaseos\u00bb _builder_version=\u00bb4.22.0&#8243; _module_preset=\u00bbdefault\u00bb custom_padding=\u00bb28px|||||\u00bb locked=\u00bboff\u00bb collapsed=\u00bbon\u00bb global_colors_info=\u00bb{}\u00bb][et_pb_row custom_padding_last_edited=\u00bbon|phone\u00bb _builder_version=\u00bb4.21.0&#8243; _module_preset=\u00bbdefault\u00bb width_tablet=\u00bb\u00bb width_phone=\u00bb90%\u00bb width_last_edited=\u00bbon|phone\u00bb custom_padding_tablet=\u00bb\u00bb custom_padding_phone=\u00bb10px||10px||true|false\u00bb global_colors_info=\u00bb{}\u00bb][et_pb_column type=\u00bb4_4&#8243; _builder_version=\u00bb4.18.0&#8243; _module_preset=\u00bbdefault\u00bb global_colors_info=\u00bb{}\u00bb][et_pb_icon font_icon=\u00bb&#xf13d;||fa||900&#8243; icon_color=\u00bb#77CACF\u00bb icon_width=\u00bb64px\u00bb _builder_version=\u00bb4.21.0&#8243; _module_preset=\u00bbdefault\u00bb custom_margin=\u00bb||19px|||\u00bb global_colors_info=\u00bb{}\u00bb][\/et_pb_icon][et_pb_text _builder_version=\u00bb4.21.0&#8243; _module_preset=\u00bbb327cbe4-b1d5-4b66-ad37-40c8f2f061ba\u00bb header_2_font=\u00bbCinzel||||||||\u00bb header_2_text_color=\u00bb#066272&#8243; header_2_font_size=\u00bb40px\u00bb header_2_line_height=\u00bb1.2em\u00bb text_orientation=\u00bbcenter\u00bb header_2_font_size_tablet=\u00bb32px\u00bb header_2_font_size_phone=\u00bb20px\u00bb header_2_font_size_last_edited=\u00bbon|desktop\u00bb global_colors_info=\u00bb{}\u00bb]<\/p>\n<h2>Nuestras Excursiones en barco<\/h2>\n<h3><span>Excursi\u00f3n en Barco con snorkeling, comida y bebida incluida.<\/span><\/h3>\n<p>[\/et_pb_text][\/et_pb_column][\/et_pb_row][et_pb_row column_structure=\u00bb1_2,1_2&#8243; custom_padding_last_edited=\u00bbon|desktop\u00bb _builder_version=\u00bb4.21.0&#8243; _module_preset=\u00bbdefault\u00bb width_tablet=\u00bb\u00bb width_phone=\u00bb90%\u00bb width_last_edited=\u00bbon|phone\u00bb custom_padding=\u00bb20px||||false|false\u00bb custom_padding_tablet=\u00bb20px||||false|false\u00bb custom_padding_phone=\u00bb10px||||false|false\u00bb global_colors_info=\u00bb{}\u00bb][et_pb_column type=\u00bb1_2&#8243; _builder_version=\u00bb4.18.0&#8243; _module_preset=\u00bbdefault\u00bb global_colors_info=\u00bb{}\u00bb][et_pb_image src=\u00bbhttps:\/\/boattripsmallorca.es\/wp-content\/uploads\/excursiones-en-barco-mallorca-1.jpg\u00bb title_text=\u00bbexcursiones en barco mallorca\u00bb _builder_version=\u00bb4.22.0&#8243; _module_preset=\u00bbdefault\u00bb custom_margin=\u00bb||||false|false\u00bb custom_margin_last_edited=\u00bboff|desktop\u00bb custom_padding=\u00bb||2px|||\u00bb hover_enabled=\u00bb0&#8243; global_colors_info=\u00bb{}\u00bb alt=\u00bbexcursiones en barco mallorca\u00bb sticky_enabled=\u00bb0&#8243;][\/et_pb_image][\/et_pb_column][et_pb_column type=\u00bb1_2&#8243; _builder_version=\u00bb4.18.0&#8243; _module_preset=\u00bbdefault\u00bb global_colors_info=\u00bb{}\u00bb][et_pb_text _builder_version=\u00bb4.21.0&#8243; _module_preset=\u00bbaaa7c440-590a-4078-ae0c-0f3c699ac51c\u00bb header_font=\u00bb||||||||\u00bb header_3_font=\u00bbCinzel||||||||\u00bb header_3_font_size=\u00bb24px\u00bb header_3_line_height=\u00bb1.4em\u00bb custom_margin=\u00bb10px||10px||false|false\u00bb custom_margin_tablet=\u00bb10px||10px||false|false\u00bb custom_margin_phone=\u00bb10px||10px||false|false\u00bb custom_margin_last_edited=\u00bbon|desktop\u00bb custom_padding=\u00bb||0px|||\u00bb header_3_text_align_tablet=\u00bb\u00bb header_3_text_align_phone=\u00bbcenter\u00bb header_3_text_align_last_edited=\u00bbon|phone\u00bb header_3_font_size_tablet=\u00bb20px\u00bb header_3_font_size_phone=\u00bb22px\u00bb header_3_font_size_last_edited=\u00bbon|phone\u00bb global_colors_info=\u00bb{}\u00bb]<\/p>\n<h3>Paseo en barco privado<\/h3>\n<p>[\/et_pb_text][et_pb_text _builder_version=\u00bb4.21.0&#8243; _module_preset=\u00bb4c43b4b6-66bf-432d-959a-705bda24a650&#8243; text_font=\u00bbPoppins||||||||\u00bb text_line_height=\u00bb1.65em\u00bb custom_margin=\u00bb-6px|||||\u00bb header_font_size_tablet=\u00bb55px\u00bb header_font_size_last_edited=\u00bboff|desktop\u00bb text_orientation_tablet=\u00bb\u00bb text_orientation_phone=\u00bbcenter\u00bb text_orientation_last_edited=\u00bbon|phone\u00bb locked=\u00bboff\u00bb global_colors_info=\u00bb{}\u00bb]<\/p>\n<p>Disfrute de un d\u00eda inolvidable en el mar, rodeado de maravillosos fondos marinos mientras practica snorkel. Nuestro <strong>tour exclusivo<\/strong> le permitir\u00e1 acceder a calas y cuevas fascinantes, inaccesibles por tierra.<\/p>\n<p>[\/et_pb_text][et_pb_toggle title=\u00bbQue incluye\u00bb closed_toggle_background_color=\u00bb#77CACF\u00bb icon_color=\u00bb#066272&#8243; toggle_icon=\u00bb&#xf13d;||fa||900&#8243; use_icon_font_size=\u00bbon\u00bb icon_font_size=\u00bb24px\u00bb open_icon_color=\u00bb#77CACF\u00bb open_toggle_icon=\u00bb&#xf13d;||fa||900&#8243; open_use_icon_font_size=\u00bbon\u00bb open_icon_font_size=\u00bb24px\u00bb _builder_version=\u00bb4.21.0&#8243; _module_preset=\u00bbdefault\u00bb title_text_color=\u00bb#066272&#8243; title_font=\u00bb|||on|||||\u00bb title_font_size=\u00bb18px\u00bb custom_margin=\u00bb||10px|||\u00bb global_colors_info=\u00bb{}\u00bb]<\/p>\n<p>&#8211; Excursi\u00f3n en barco de 4 o 6 horas* por la costa sureste de Mallorca<br \/>&#8211; Hasta 9 pasajeros max.<br \/>&#8211; Cava de bienvenida<br \/>&#8211; Aperitivos y Snacks<br \/>&#8211; Comida T\u00edpica de Mallorca<br \/>&#8211; Cerveza, vino, Refrescos y Agua<br \/>&#8211; Equipo de Snorkel<\/p>\n<p><span>* Seg\u00fan Modalidad contratada<\/span><\/p>\n<p>[\/et_pb_toggle][et_pb_button button_url=\u00bbhttps:\/\/wa.me\/34681963234&#8243; button_text=\u00bbConsultar Disponibilidad !\u00bb button_alignment_tablet=\u00bb\u00bb button_alignment_phone=\u00bbcenter\u00bb button_alignment_last_edited=\u00bbon|phone\u00bb _builder_version=\u00bb4.21.0&#8243; _module_preset=\u00bb31b4f027-aaa0-4f2f-ae02-959764e19e4f\u00bb custom_button=\u00bbon\u00bb button_text_color=\u00bb#FFFFFF\u00bb button_bg_color=\u00bb#066272&#8243; button_border_width=\u00bb0px\u00bb button_border_radius=\u00bb0px\u00bb button_font=\u00bbPoppins|500|||||||\u00bb custom_margin_tablet=\u00bb\u00bb custom_margin_phone=\u00bb25px||||false|false\u00bb custom_margin_last_edited=\u00bbon|phone\u00bb custom_padding=\u00bb12px|30px|12px|30px|true|true\u00bb button_text_size_tablet=\u00bb18px\u00bb button_text_size_phone=\u00bb16px\u00bb button_text_size_last_edited=\u00bbon|phone\u00bb locked=\u00bboff\u00bb global_colors_info=\u00bb{}\u00bb][\/et_pb_button][\/et_pb_column][\/et_pb_row][\/et_pb_section][et_pb_section fb_built=\u00bb1&#8243; custom_padding_last_edited=\u00bbon|phone\u00bb _builder_version=\u00bb4.21.0&#8243; _module_preset=\u00bbdefault\u00bb background_color=\u00bbrgba(119,202,207,0.57)\u00bb custom_padding_tablet=\u00bb\u00bb custom_padding_phone=\u00bb18px||||false|false\u00bb global_colors_info=\u00bb{}\u00bb][et_pb_row _builder_version=\u00bb4.21.0&#8243; _module_preset=\u00bbdefault\u00bb width_tablet=\u00bb\u00bb width_phone=\u00bb90%\u00bb width_last_edited=\u00bbon|phone\u00bb locked=\u00bboff\u00bb global_colors_info=\u00bb{}\u00bb][et_pb_column type=\u00bb4_4&#8243; _builder_version=\u00bb4.18.0&#8243; _module_preset=\u00bbdefault\u00bb global_colors_info=\u00bb{}\u00bb][et_pb_text _builder_version=\u00bb4.21.0&#8243; _module_preset=\u00bbb327cbe4-b1d5-4b66-ad37-40c8f2f061ba\u00bb header_2_font=\u00bbCinzel||||||||\u00bb header_2_text_align=\u00bbcenter\u00bb header_2_text_color=\u00bb#000000&#8243; header_2_font_size=\u00bb40px\u00bb header_2_line_height=\u00bb1.2em\u00bb custom_margin=\u00bb||3px||false|false\u00bb header_2_font_size_tablet=\u00bb32px\u00bb header_2_font_size_phone=\u00bb25px\u00bb header_2_font_size_last_edited=\u00bbon|desktop\u00bb global_colors_info=\u00bb{}\u00bb]<\/p>\n<h2>Prep\u00e1rese para vivir una experiencia inolvidable, llena de emoci\u00f3n y descubrimientos.<\/h2>\n<p>[\/et_pb_text][et_pb_text _builder_version=\u00bb4.21.0&#8243; _module_preset=\u00bb518880c8-46c7-4ffa-b5a6-93ffa99dcc17&#8243; text_font=\u00bb||||||||\u00bb text_text_color=\u00bb#066272&#8243; text_font_size=\u00bb26px\u00bb text_line_height=\u00bb1.4em\u00bb header_font=\u00bb||||||||\u00bb header_3_font=\u00bbCinzel||||||||\u00bb header_3_font_size=\u00bb24px\u00bb header_3_line_height=\u00bb1.4em\u00bb text_orientation=\u00bbcenter\u00bb custom_margin=\u00bb||0px||false|false\u00bb text_font_size_tablet=\u00bb25px\u00bb text_font_size_phone=\u00bb20px\u00bb text_font_size_last_edited=\u00bbon|phone\u00bb header_3_font_size_tablet=\u00bb20px\u00bb header_3_font_size_phone=\u00bb16px\u00bb header_3_font_size_last_edited=\u00bbon|phone\u00bb global_colors_info=\u00bb{}\u00bb]<\/p>\n<p><em>Excursiones en Barco por Mallorca<\/em><\/p>\n<p>[\/et_pb_text][\/et_pb_column][\/et_pb_row][et_pb_row column_structure=\u00bb1_2,1_2&#8243; _builder_version=\u00bb4.21.0&#8243; _module_preset=\u00bbdefault\u00bb locked=\u00bboff\u00bb global_colors_info=\u00bb{}\u00bb][et_pb_column type=\u00bb1_2&#8243; _builder_version=\u00bb4.18.0&#8243; _module_preset=\u00bbdefault\u00bb global_colors_info=\u00bb{}\u00bb][et_pb_icon font_icon=\u00bb&#xf13d;||fa||900&#8243; icon_color=\u00bbgcid-02132a14-0aa3-45af-abdc-389c29b58c23&#8243; icon_width=\u00bb32px\u00bb align=\u00bbleft\u00bb align_tablet=\u00bbleft\u00bb align_phone=\u00bbcenter\u00bb align_last_edited=\u00bbon|phone\u00bb _builder_version=\u00bb4.18.0&#8243; _module_preset=\u00bbdefault\u00bb global_colors_info=\u00bb{%22gcid-02132a14-0aa3-45af-abdc-389c29b58c23%22:%91%22icon_color%22,%22icon_color%22%93}\u00bb][\/et_pb_icon][et_pb_text _builder_version=\u00bb4.21.0&#8243; _module_preset=\u00bbaaa7c440-590a-4078-ae0c-0f3c699ac51c\u00bb header_font=\u00bb||||||||\u00bb header_3_font=\u00bbCinzel||||||||\u00bb header_3_font_size=\u00bb24px\u00bb header_3_line_height=\u00bb1.4em\u00bb custom_margin=\u00bb||0px||false|false\u00bb header_3_text_align_tablet=\u00bb\u00bb header_3_text_align_phone=\u00bbcenter\u00bb header_3_text_align_last_edited=\u00bbon|phone\u00bb header_3_font_size_tablet=\u00bb20px\u00bb header_3_font_size_phone=\u00bb20px\u00bb header_3_font_size_last_edited=\u00bbon|phone\u00bb global_colors_info=\u00bb{}\u00bb]<\/p>\n<h3>Salidas desde Proto cristo<\/h3>\n<p>[\/et_pb_text][et_pb_text _builder_version=\u00bb4.22.0&#8243; _module_preset=\u00bb4c43b4b6-66bf-432d-959a-705bda24a650&#8243; text_font=\u00bbPoppins||||||||\u00bb text_line_height=\u00bb1.65em\u00bb header_font_size_tablet=\u00bb55px\u00bb header_font_size_last_edited=\u00bboff|desktop\u00bb text_orientation_tablet=\u00bb\u00bb text_orientation_phone=\u00bbcenter\u00bb text_orientation_last_edited=\u00bbon|phone\u00bb global_colors_info=\u00bb{}\u00bb]<\/p>\n<p>Nuestras <strong>excursiones exclusivas en barco<\/strong> tienen su base en el puerto deportivo de Porto Cristo, Mallorca.<\/p>\n<p>[\/et_pb_text][\/et_pb_column][et_pb_column type=\u00bb1_2&#8243; _builder_version=\u00bb4.18.0&#8243; _module_preset=\u00bbdefault\u00bb global_colors_info=\u00bb{}\u00bb][et_pb_icon font_icon=\u00bb&#xf21a;||fa||900&#8243; icon_color=\u00bbgcid-02132a14-0aa3-45af-abdc-389c29b58c23&#8243; icon_width=\u00bb32px\u00bb align=\u00bbleft\u00bb align_tablet=\u00bbleft\u00bb align_phone=\u00bbcenter\u00bb align_last_edited=\u00bbon|phone\u00bb _builder_version=\u00bb4.21.0&#8243; _module_preset=\u00bbdefault\u00bb global_colors_info=\u00bb{%22gcid-02132a14-0aa3-45af-abdc-389c29b58c23%22:%91%22icon_color%22%93}\u00bb][\/et_pb_icon][et_pb_text _builder_version=\u00bb4.21.0&#8243; _module_preset=\u00bbaaa7c440-590a-4078-ae0c-0f3c699ac51c\u00bb header_font=\u00bb||||||||\u00bb header_3_font=\u00bbCinzel||||||||\u00bb header_3_font_size=\u00bb24px\u00bb header_3_line_height=\u00bb1.4em\u00bb custom_margin=\u00bb||0px||false|false\u00bb header_3_text_align_tablet=\u00bb\u00bb header_3_text_align_phone=\u00bbcenter\u00bb header_3_text_align_last_edited=\u00bbon|phone\u00bb header_3_font_size_tablet=\u00bb20px\u00bb header_3_font_size_phone=\u00bb19px\u00bb header_3_font_size_last_edited=\u00bbon|phone\u00bb global_colors_info=\u00bb{}\u00bb]<\/p>\n<h3>BARCO PRIVADO CON PATR\u00d3N<\/h3>\n<p>[\/et_pb_text][et_pb_text _builder_version=\u00bb4.21.0&#8243; _module_preset=\u00bb4c43b4b6-66bf-432d-959a-705bda24a650&#8243; text_font=\u00bbPoppins||||||||\u00bb text_line_height=\u00bb1.65em\u00bb header_font_size_tablet=\u00bb55px\u00bb header_font_size_last_edited=\u00bboff|desktop\u00bb text_orientation_tablet=\u00bb\u00bb text_orientation_phone=\u00bbcenter\u00bb text_orientation_last_edited=\u00bbon|phone\u00bb global_colors_info=\u00bb{}\u00bb]<\/p>\n<p>Nuestros patrones cuentan con amplia experiencia en navegaci\u00f3n<\/p>\n<p>[\/et_pb_text][\/et_pb_column][\/et_pb_row][et_pb_row column_structure=\u00bb1_2,1_2&#8243; _builder_version=\u00bb4.21.0&#8243; _module_preset=\u00bbdefault\u00bb locked=\u00bboff\u00bb global_colors_info=\u00bb{}\u00bb][et_pb_column type=\u00bb1_2&#8243; _builder_version=\u00bb4.18.0&#8243; _module_preset=\u00bbdefault\u00bb global_colors_info=\u00bb{}\u00bb][et_pb_icon font_icon=\u00bb&#xf79f;||fa||900&#8243; icon_color=\u00bbgcid-02132a14-0aa3-45af-abdc-389c29b58c23&#8243; icon_width=\u00bb32px\u00bb align=\u00bbleft\u00bb align_tablet=\u00bbleft\u00bb align_phone=\u00bbcenter\u00bb align_last_edited=\u00bbon|phone\u00bb _builder_version=\u00bb4.21.0&#8243; _module_preset=\u00bbdefault\u00bb global_colors_info=\u00bb{%22gcid-02132a14-0aa3-45af-abdc-389c29b58c23%22:%91%22icon_color%22%93}\u00bb][\/et_pb_icon][et_pb_text _builder_version=\u00bb4.21.0&#8243; _module_preset=\u00bbaaa7c440-590a-4078-ae0c-0f3c699ac51c\u00bb header_font=\u00bb||||||||\u00bb header_3_font=\u00bbCinzel||||||||\u00bb header_3_font_size=\u00bb24px\u00bb header_3_line_height=\u00bb1.4em\u00bb custom_margin=\u00bb||0px||false|false\u00bb header_3_text_align_tablet=\u00bb\u00bb header_3_text_align_phone=\u00bbcenter\u00bb header_3_text_align_last_edited=\u00bbon|phone\u00bb header_3_font_size_tablet=\u00bb20px\u00bb header_3_font_size_phone=\u00bb20px\u00bb header_3_font_size_last_edited=\u00bbon|phone\u00bb global_colors_info=\u00bb{}\u00bb]<\/p>\n<h3>Comida y Bebidas incluidas<\/h3>\n<p>[\/et_pb_text][et_pb_text _builder_version=\u00bb4.21.0&#8243; _module_preset=\u00bb4c43b4b6-66bf-432d-959a-705bda24a650&#8243; text_font=\u00bbPoppins||||||||\u00bb text_line_height=\u00bb1.65em\u00bb header_font_size_tablet=\u00bb55px\u00bb header_font_size_last_edited=\u00bboff|desktop\u00bb text_orientation_tablet=\u00bb\u00bb text_orientation_phone=\u00bbcenter\u00bb text_orientation_last_edited=\u00bbon|phone\u00bb global_colors_info=\u00bb{}\u00bb]<\/p>\n<p>Nuestros paseos en barco incluyen:<br \/>Cava de Bienvennida<br \/>Aperitivos y Snacks<br \/>Comida t\u00edpica de Mallorca<br \/>Bebidas Incluidas: Cerveza, Vino, Refrescos y Agua<\/p>\n<p>[\/et_pb_text][\/et_pb_column][et_pb_column type=\u00bb1_2&#8243; _builder_version=\u00bb4.18.0&#8243; _module_preset=\u00bbdefault\u00bb global_colors_info=\u00bb{}\u00bb][et_pb_icon font_icon=\u00bb&#xf773;||fa||900&#8243; icon_color=\u00bbgcid-02132a14-0aa3-45af-abdc-389c29b58c23&#8243; icon_width=\u00bb32px\u00bb align=\u00bbleft\u00bb align_tablet=\u00bbleft\u00bb align_phone=\u00bbcenter\u00bb align_last_edited=\u00bbon|phone\u00bb _builder_version=\u00bb4.21.0&#8243; _module_preset=\u00bbdefault\u00bb custom_margin_tablet=\u00bb\u00bb custom_margin_phone=\u00bb10px||||false|false\u00bb custom_margin_last_edited=\u00bbon|phone\u00bb global_colors_info=\u00bb{%22gcid-02132a14-0aa3-45af-abdc-389c29b58c23%22:%91%22icon_color%22,%22icon_color%22,%22icon_color%22%93}\u00bb][\/et_pb_icon][et_pb_text _builder_version=\u00bb4.21.0&#8243; _module_preset=\u00bbaaa7c440-590a-4078-ae0c-0f3c699ac51c\u00bb header_font=\u00bb||||||||\u00bb header_3_font=\u00bbCinzel||||||||\u00bb header_3_font_size=\u00bb24px\u00bb header_3_line_height=\u00bb1.4em\u00bb custom_margin=\u00bb||0px||false|false\u00bb header_3_text_align_tablet=\u00bb\u00bb header_3_text_align_phone=\u00bbcenter\u00bb header_3_text_align_last_edited=\u00bbon|phone\u00bb header_3_font_size_tablet=\u00bb20px\u00bb header_3_font_size_phone=\u00bb18px\u00bb header_3_font_size_last_edited=\u00bbon|phone\u00bb global_colors_info=\u00bb{}\u00bb]<\/p>\n<h3>CALAS y CUEVAS A VISITAR<\/h3>\n<p>[\/et_pb_text][et_pb_text _builder_version=\u00bb4.21.0&#8243; _module_preset=\u00bb4c43b4b6-66bf-432d-959a-705bda24a650&#8243; text_font=\u00bbPoppins||||||||\u00bb text_line_height=\u00bb1.65em\u00bb header_font_size_tablet=\u00bb55px\u00bb header_font_size_last_edited=\u00bboff|desktop\u00bb text_orientation_tablet=\u00bb\u00bb text_orientation_phone=\u00bbcenter\u00bb text_orientation_last_edited=\u00bbon|phone\u00bb global_colors_info=\u00bb{}\u00bb]<\/p>\n<p>Itinerario del paseo con parada en 3 calas, de acuerdo al estado de la mar y preferencia de los pasajeros: Cala Murta, Cala Magrana, Cueva de los Piratas, Cala Anguila, Cala Mend\u00eda, Cala Rom\u00e1ntica, Cala Falc\u00f3, Covas des Coloms, Cala Varques<br \/>Cala Seguer, Cala Virgili, Cala Bota*, Cala Antena*, Cala Domingo*, Cala Murada*<br \/><span style=\"font-size: 14px;\"><em>* Excursi\u00f3n en modalidad 6 horas.<\/em><\/span><\/p>\n<p>[\/et_pb_text][\/et_pb_column][\/et_pb_row][\/et_pb_section][et_pb_section fb_built=\u00bb1&#8243; admin_label=\u00bbCall to Action\u00bb _builder_version=\u00bb4.21.0&#8243; _module_preset=\u00bbdefault\u00bb background_enable_image=\u00bboff\u00bb custom_padding=\u00bb4px||0%||false|false\u00bb locked=\u00bboff\u00bb collapsed=\u00bbon\u00bb global_colors_info=\u00bb{}\u00bb][et_pb_row _builder_version=\u00bb4.21.0&#8243; _module_preset=\u00bbdefault\u00bb width=\u00bb100%\u00bb width_tablet=\u00bb100%\u00bb width_phone=\u00bb95%\u00bb width_last_edited=\u00bbon|phone\u00bb max_width=\u00bb100%\u00bb custom_padding=\u00bb3px||6px|||\u00bb global_colors_info=\u00bb{}\u00bb][et_pb_column type=\u00bb4_4&#8243; _builder_version=\u00bb4.21.0&#8243; _module_preset=\u00bbdefault\u00bb global_colors_info=\u00bb{}\u00bb][el_masonry_gallery image_ids=\u00bb115,114,85,111,62,61,6,82,83,84,86,112,150,151,152,153,154,155&#8243; number_of_columns=\u00bb3&#8243; image_size=\u00bbfull\u00bb enable_lightbox=\u00bbon\u00bb enable_overlay=\u00bbon\u00bb overlay_icon=\u00bb&#x31;||divi||400&#8243; number_of_columns_tablet=\u00bb3&#8243; number_of_columns_phone=\u00bb3&#8243; number_of_columns_last_edited=\u00bbon|phone\u00bb _builder_version=\u00bb4.22.0&#8243; _module_preset=\u00bbdefault\u00bb custom_margin=\u00bb7px|||||\u00bb custom_padding=\u00bb||0px|||\u00bb hover_enabled=\u00bb0&#8243; global_colors_info=\u00bb{}\u00bb sticky_enabled=\u00bb0&#8243;][\/el_masonry_gallery][\/et_pb_column][\/et_pb_row][\/et_pb_section][et_pb_section fb_built=\u00bb1&#8243; admin_label=\u00bbTestimonial\u00bb module_id=\u00bbcontacto\u00bb _builder_version=\u00bb4.21.0&#8243; _module_preset=\u00bbdefault\u00bb background_color=\u00bb#066272&#8243; custom_padding=\u00bb46px||3px|||\u00bb collapsed=\u00bbon\u00bb global_colors_info=\u00bb{}\u00bb][et_pb_row _builder_version=\u00bb4.21.0&#8243; _module_preset=\u00bbdefault\u00bb width=\u00bb90%\u00bb custom_padding=\u00bb||7px|||\u00bb global_colors_info=\u00bb{}\u00bb][et_pb_column type=\u00bb4_4&#8243; _builder_version=\u00bb4.18.0&#8243; _module_preset=\u00bbdefault\u00bb global_colors_info=\u00bb{}\u00bb][et_pb_text _builder_version=\u00bb4.21.0&#8243; _module_preset=\u00bbb327cbe4-b1d5-4b66-ad37-40c8f2f061ba\u00bb header_2_font=\u00bbCinzel||||||||\u00bb header_2_text_align=\u00bbcenter\u00bb header_2_text_color=\u00bb#FFFFFF\u00bb header_2_font_size=\u00bb52px\u00bb header_2_line_height=\u00bb1.2em\u00bb custom_margin=\u00bb||10px||false|false\u00bb header_2_font_size_tablet=\u00bb36px\u00bb header_2_font_size_phone=\u00bb28px\u00bb header_2_font_size_last_edited=\u00bbon|desktop\u00bb global_colors_info=\u00bb{}\u00bb]<\/p>\n<h2>Contacto &amp; reservas<\/h2>\n<p>[\/et_pb_text][et_pb_text _builder_version=\u00bb4.21.0&#8243; _module_preset=\u00bbdefault\u00bb text_text_color=\u00bb#FFFFFF\u00bb text_font_size=\u00bb20px\u00bb link_text_color=\u00bb#FFFFFF\u00bb link_font_size=\u00bb21px\u00bb text_orientation=\u00bbcenter\u00bb global_colors_info=\u00bb{}\u00bb]<\/p>\n<p style=\"text-align: center;\">Para m\u00e1s informaci\u00f3n de las excursiones contactar por tel\u00e9fono o WhatsApp con nosotros.<\/p>\n<p>[\/et_pb_text][\/et_pb_column][\/et_pb_row][et_pb_row use_custom_gutter=\u00bbon\u00bb gutter_width=\u00bb2&#8243; make_equal=\u00bbon\u00bb _builder_version=\u00bb4.21.0&#8243; _module_preset=\u00bbdefault\u00bb width=\u00bb36%\u00bb width_tablet=\u00bb90%\u00bb width_phone=\u00bb90%\u00bb width_last_edited=\u00bbon|tablet\u00bb custom_padding=\u00bb15px|||||\u00bb global_colors_info=\u00bb{}\u00bb][et_pb_column type=\u00bb4_4&#8243; _builder_version=\u00bb4.21.0&#8243; _module_preset=\u00bbdefault\u00bb global_colors_info=\u00bb{}\u00bb][et_pb_icon font_icon=\u00bb&#xf232;||fa||400&#8243; icon_color=\u00bb#30f21a\u00bb icon_width=\u00bb54px\u00bb url=\u00bbhttps:\/\/wa.me\/34681963234&#8243; url_new_window=\u00bbon\u00bb _builder_version=\u00bb4.21.0&#8243; _module_preset=\u00bbdefault\u00bb custom_margin=\u00bb||3px|||\u00bb global_colors_info=\u00bb{}\u00bb][\/et_pb_icon][et_pb_text _builder_version=\u00bb4.21.0&#8243; _module_preset=\u00bbdefault\u00bb link_text_color=\u00bb#FFFFFF\u00bb link_font_size=\u00bb32px\u00bb text_orientation=\u00bbcenter\u00bb link_font_size_tablet=\u00bb32px\u00bb link_font_size_phone=\u00bb29px\u00bb link_font_size_last_edited=\u00bbon|phone\u00bb global_colors_info=\u00bb{}\u00bb]<\/p>\n<p><a href=\"https:\/\/wa.me\/34681963234\" title=\"WhatsApp\">+34 681 963 234<\/a><\/p>\n<p>[\/et_pb_text][\/et_pb_column][\/et_pb_row][et_pb_row _builder_version=\u00bb4.21.0&#8243; _module_preset=\u00bbdefault\u00bb background_color=\u00bb#77CACF\u00bb width=\u00bb100%\u00bb max_width=\u00bb100%\u00bb global_colors_info=\u00bb{}\u00bb][et_pb_column type=\u00bb4_4&#8243; _builder_version=\u00bb4.21.0&#8243; _module_preset=\u00bbdefault\u00bb global_colors_info=\u00bb{}\u00bb][et_pb_icon font_icon=\u00bb&#xf0e0;||fa||400&#8243; icon_color=\u00bb#FFFFFF\u00bb icon_width=\u00bb54px\u00bb url=\u00bbmailto:info@boattripsmallorca.es\u00bb url_new_window=\u00bbon\u00bb _builder_version=\u00bb4.21.0&#8243; _module_preset=\u00bbdefault\u00bb custom_margin=\u00bb||3px|||\u00bb global_colors_info=\u00bb{}\u00bb][\/et_pb_icon][et_pb_text disabled_on=\u00bbon|on|off\u00bb _builder_version=\u00bb4.21.0&#8243; _module_preset=\u00bbdefault\u00bb link_text_color=\u00bb#FFFFFF\u00bb link_font_size=\u00bb35px\u00bb link_letter_spacing=\u00bb35px\u00bb text_orientation=\u00bbcenter\u00bb link_font_size_tablet=\u00bb35px\u00bb link_font_size_phone=\u00bb35px\u00bb link_font_size_last_edited=\u00bbon|desktop\u00bb global_colors_info=\u00bb{}\u00bb]<\/p>\n<p><a class=\"email-address link-standard\" href=\"mailto:info@boattripsmallorca.es\" title=\"boat trips mallorca\">info@boattripsmallorca.es<\/a><\/p>\n<p>[\/et_pb_text][et_pb_text disabled_on=\u00bboff|off|on\u00bb _builder_version=\u00bb4.21.0&#8243; _module_preset=\u00bbdefault\u00bb link_text_color=\u00bb#FFFFFF\u00bb link_font_size=\u00bb21px\u00bb link_letter_spacing=\u00bb1px\u00bb text_orientation=\u00bbcenter\u00bb global_colors_info=\u00bb{}\u00bb]<\/p>\n<p><a class=\"email-address link-standard\" href=\"mailto:info@boattripsmallorca.es\" title=\"boat trips mallorca\">info@boattripsmallorca.es<\/a><\/p>\n<p>[\/et_pb_text][\/et_pb_column][\/et_pb_row][et_pb_row _builder_version=\u00bb4.22.0&#8243; _module_preset=\u00bbdefault\u00bb global_module=\u00bb320&#8243; saved_tabs=\u00bball\u00bb global_colors_info=\u00bb{}\u00bb][et_pb_column type=\u00bb4_4&#8243; _builder_version=\u00bb4.22.0&#8243; _module_preset=\u00bbdefault\u00bb global_colors_info=\u00bb{}\u00bb][et_pb_social_media_follow icon_color=\u00bb#FFFFFF\u00bb use_icon_font_size=\u00bbon\u00bb icon_font_size=\u00bb27px\u00bb icon_font_size_tablet=\u00bb\u00bb icon_font_size_phone=\u00bb25px\u00bb icon_font_size_last_edited=\u00bbon|phone\u00bb _builder_version=\u00bb4.22.0&#8243; _module_preset=\u00bbdefault\u00bb text_orientation=\u00bbcenter\u00bb global_colors_info=\u00bb{}\u00bb][et_pb_social_media_follow_network social_network=\u00bbtiktok\u00bb url=\u00bbhttps:\/\/www.tiktok.com\/@boattrips.mallorca\u00bb _builder_version=\u00bb4.22.0&#8243; _module_preset=\u00bbdefault\u00bb background_color=\u00bb#77CACF\u00bb background_enable_color=\u00bbon\u00bb global_colors_info=\u00bb{}\u00bb follow_button=\u00bboff\u00bb url_new_window=\u00bbon\u00bb]tiktok[\/et_pb_social_media_follow_network][et_pb_social_media_follow_network social_network=\u00bbinstagram\u00bb url=\u00bbhttps:\/\/www.instagram.com\/boattripsmallorca\/\u00bb _builder_version=\u00bb4.22.0&#8243; _module_preset=\u00bbdefault\u00bb background_color=\u00bb#77CACF\u00bb background_enable_color=\u00bbon\u00bb global_colors_info=\u00bb{}\u00bb follow_button=\u00bboff\u00bb url_new_window=\u00bbon\u00bb]instagram[\/et_pb_social_media_follow_network][\/et_pb_social_media_follow][\/et_pb_column][\/et_pb_row][\/et_pb_section]<\/p>\n","protected":false},"excerpt":{"rendered":"<p>Excursiones en barco Porto Cristo &#8211; Mallorca\u00a1Descubre Mallorca desde un barco privado en una aventura \u00fanica!Nuestras Excursiones en barco Excursi\u00f3n en Barco con snorkeling, comida y bebida incluida.Paseo en barco privadoDisfrute de un d\u00eda inolvidable en el mar, rodeado de maravillosos fondos marinos mientras practica snorkel. Nuestro tour exclusivo le permitir\u00e1 acceder a calas y [&hellip;]<\/p>\n","protected":false},"author":1,"featured_media":6,"parent":0,"menu_order":0,"comment_status":"closed","ping_status":"closed","template":"","meta":{"_et_pb_use_builder":"on","_et_pb_old_content":"","_et_gb_content_width":"","_joinchat":[],"footnotes":""},"class_list":["post-12","page","type-page","status-publish","has-post-thumbnail","hentry"],"_links":{"self":[{"href":"https:\/\/boattripsmallorca.es\/es\/wp-json\/wp\/v2\/pages\/12","targetHints":{"allow":["GET"]}}],"collection":[{"href":"https:\/\/boattripsmallorca.es\/es\/wp-json\/wp\/v2\/pages"}],"about":[{"href":"https:\/\/boattripsmallorca.es\/es\/wp-json\/wp\/v2\/types\/page"}],"author":[{"embeddable":true,"href":"https:\/\/boattripsmallorca.es\/es\/wp-json\/wp\/v2\/users\/1"}],"replies":[{"embeddable":true,"href":"https:\/\/boattripsmallorca.es\/es\/wp-json\/wp\/v2\/comments?post=12"}],"version-history":[{"count":92,"href":"https:\/\/boattripsmallorca.es\/es\/wp-json\/wp\/v2\/pages\/12\/revisions"}],"predecessor-version":[{"id":347,"href":"https:\/\/boattripsmallorca.es\/es\/wp-json\/wp\/v2\/pages\/12\/revisions\/347"}],"wp:featuredmedia":[{"embeddable":true,"href":"https:\/\/boattripsmallorca.es\/es\/wp-json\/wp\/v2\/media\/6"}],"wp:attachment":[{"href":"https:\/\/boattripsmallorca.es\/es\/wp-json\/wp\/v2\/media?parent=12"}],"curies":[{"name":"wp","href":"https:\/\/api.w.org\/{rel}","templated":true}]}}